{"id":5359,"date":"2021-11-08T10:49:08","date_gmt":"2021-11-08T10:49:08","guid":{"rendered":"https:\/\/siteunidos.eu\/sanmartino\/?page_id=5359"},"modified":"2025-05-21T16:10:16","modified_gmt":"2025-05-21T14:10:16","slug":"voci-nella-storia","status":"publish","type":"page","link":"https:\/\/www.icsanmartinoinpensilis.edu.it\/site\/voci-nella-storia\/","title":{"rendered":"Voci nella Storia"},"content":{"rendered":"\t\t<div data-elementor-type=\"wp-page\" data-elementor-id=\"5359\" class=\"elementor elementor-5359\" data-elementor-post-type=\"page\">\n\t\t\t\t\t\t<section class=\"has_eae_slider elementor-section elementor-top-section elementor-element elementor-element-f513871 elementor-section-boxed elementor-section-height-default elementor-section-height-default\" data-eae-slider=\"49537\" data-id=\"f513871\" data-element_type=\"section\" data-e-type=\"section\" data-settings=\"{&quot;background_background&quot;:&quot;classic&quot;}\">\n\t\t\t\t\t\t<div class=\"elementor-container elementor-column-gap-default\">\n\t\t\t\t\t<div class=\"has_eae_slider elementor-column elementor-col-100 elementor-top-column elementor-element elementor-element-4c500d6\" data-eae-slider=\"62803\" data-id=\"4c500d6\" data-element_type=\"column\" data-e-type=\"column\">\n\t\t\t<div class=\"elementor-widget-wrap elementor-element-populated\">\n\t\t\t\t\t\t<div class=\"elementor-element elementor-element-c81220e elementor-widget elementor-widget-html\" data-id=\"c81220e\" data-element_type=\"widget\" data-e-type=\"widget\" data-widget_type=\"html.default\">\n\t\t\t\t<div class=\"elementor-widget-container\">\n\t\t\t\t\t<ul class=\"breadcrumb\" data-element=\"breadcrumb\">\n  <li><a href=\"https:\/\/icsanmartinoinpensilis.edu.it\/site\/\">Home<\/a><\/li>\n  <li><a href=\"https:\/\/icsanmartinoinpensilis.edu.it\/site\/didattica\/\">Didattica<\/a><\/li>\n   <li><a href=\"https:\/\/icsanmartinoinpensilis.edu.it\/site\/didattica\/i-progetti-delle-classi\">I progetti delle classi<\/a><\/li>\n  <li>Voci nella Storia<\/li>\n<\/ul>\n\n<style>\n    ul.breadcrumb {\n  list-style: none;\n}\n\n\/* Display list items side by side *\/\nul.breadcrumb li {\n  display: inline;\n  font-family: \"Roboto Mono\", Sans-serif;\nfont-size:0.9rem;\nfont-weight: 400;\ncolor: #455B71;\n}\n\n\/* Add a slash symbol (\/) before\/behind each list item *\/\nul.breadcrumb li+li:before {\n  padding: 8px;\n  color: black;\n  content: \"\u00bb\";\n}\n\n\/* Add a color to all links inside the list *\/\nul.breadcrumb li a {\n  font-family: \"Titillium Web\", Sans-serif;\nfont-size: 0.9rem;\nfont-weight: 400;\n  color: #42BD84;\n  text-decoration: none;\n}\n\n<\/style>\t\t\t\t<\/div>\n\t\t\t\t<\/div>\n\t\t\t\t\t<\/div>\n\t\t<\/div>\n\t\t\t\t\t<\/div>\n\t\t<\/section>\n\t\t\t\t<section class=\"has_eae_slider elementor-section elementor-top-section elementor-element elementor-element-cda4975 elementor-section-boxed elementor-section-height-default elementor-section-height-default\" data-eae-slider=\"97600\" data-id=\"cda4975\" data-element_type=\"section\" data-e-type=\"section\" data-settings=\"{&quot;background_background&quot;:&quot;classic&quot;}\">\n\t\t\t\t\t\t<div class=\"elementor-container elementor-column-gap-default\">\n\t\t\t\t\t<div class=\"has_eae_slider elementor-column elementor-col-100 elementor-top-column elementor-element elementor-element-a21e0ae\" data-eae-slider=\"49332\" data-id=\"a21e0ae\" data-element_type=\"column\" data-e-type=\"column\">\n\t\t\t<div class=\"elementor-widget-wrap elementor-element-populated\">\n\t\t\t\t\t\t<div class=\"elementor-element elementor-element-5cc63e6 elementor-widget elementor-widget-theme-post-title elementor-page-title elementor-widget-heading\" data-id=\"5cc63e6\" data-element_type=\"widget\" data-e-type=\"widget\" data-widget_type=\"theme-post-title.default\">\n\t\t\t\t<div class=\"elementor-widget-container\">\n\t\t\t\t\t<h1 class=\"elementor-heading-title elementor-size-default\"><div class=\"font-sans-serif\">Voci nella Storia<\/div><\/h1>\t\t\t\t<\/div>\n\t\t\t\t<\/div>\n\t\t\t\t\t<\/div>\n\t\t<\/div>\n\t\t\t\t\t<\/div>\n\t\t<\/section>\n\t\t\t\t<section class=\"has_eae_slider elementor-section elementor-top-section elementor-element elementor-element-f9aff34 elementor-section-boxed elementor-section-height-default elementor-section-height-default\" data-eae-slider=\"50778\" data-id=\"f9aff34\" data-element_type=\"section\" data-e-type=\"section\">\n\t\t\t\t\t\t<div class=\"elementor-container elementor-column-gap-default\">\n\t\t\t\t\t<div class=\"has_eae_slider elementor-column elementor-col-33 elementor-top-column elementor-element elementor-element-ea27c6e\" data-eae-slider=\"92794\" data-id=\"ea27c6e\" data-element_type=\"column\" data-e-type=\"column\">\n\t\t\t<div class=\"elementor-widget-wrap elementor-element-populated\">\n\t\t\t\t\t\t<section class=\"has_eae_slider elementor-section elementor-inner-section elementor-element elementor-element-a954a97 elementor-section-full_width elementor-section-height-default elementor-section-height-default\" data-eae-slider=\"98469\" data-id=\"a954a97\" data-element_type=\"section\" data-e-type=\"section\" data-settings=\"{&quot;sticky&quot;:&quot;top&quot;,&quot;sticky_on&quot;:[&quot;desktop&quot;],&quot;sticky_offset&quot;:100,&quot;sticky_parent&quot;:&quot;yes&quot;,&quot;sticky_effects_offset&quot;:0,&quot;sticky_anchor_link_offset&quot;:0}\">\n\t\t\t\t\t\t<div class=\"elementor-container elementor-column-gap-default\">\n\t\t\t\t\t<div class=\"has_eae_slider elementor-column elementor-col-100 elementor-inner-column elementor-element elementor-element-6145644\" data-eae-slider=\"6275\" data-id=\"6145644\" data-element_type=\"column\" data-e-type=\"column\">\n\t\t\t<div class=\"elementor-widget-wrap elementor-element-populated\">\n\t\t\t\t\t\t<div class=\"elementor-element elementor-element-8695329 elementor-widget elementor-widget-heading\" data-id=\"8695329\" data-element_type=\"widget\" data-e-type=\"widget\" data-widget_type=\"heading.default\">\n\t\t\t\t<div class=\"elementor-widget-container\">\n\t\t\t\t\t<h2 class=\"elementor-heading-title elementor-size-default\">Didattica<\/h2>\t\t\t\t<\/div>\n\t\t\t\t<\/div>\n\t\t\t\t<div class=\"elementor-element elementor-element-a7a7368 elementor-position-inline-end elementor-view-default elementor-mobile-position-block-start elementor-widget elementor-widget-icon-box\" data-id=\"a7a7368\" data-element_type=\"widget\" data-e-type=\"widget\" data-widget_type=\"icon-box.default\">\n\t\t\t\t<div class=\"elementor-widget-container\">\n\t\t\t\t\t\t\t<div class=\"elementor-icon-box-wrapper\">\n\n\t\t\t\t\t\t<div class=\"elementor-icon-box-icon\">\n\t\t\t\t<a href=\"https:\/\/icsanmartinoinpensilis.edu.it\/site\/didattica\/ptof\/\" class=\"elementor-icon\" tabindex=\"-1\" aria-label=\"Offerta formativa\">\n\t\t\t\t<i aria-hidden=\"true\" class=\"icon icon-right-arrow1\"><\/i>\t\t\t\t<\/a>\n\t\t\t<\/div>\n\t\t\t\n\t\t\t\t\t\t<div class=\"elementor-icon-box-content\">\n\n\t\t\t\t\t\t\t\t\t<h3 class=\"elementor-icon-box-title\">\n\t\t\t\t\t\t<a href=\"https:\/\/icsanmartinoinpensilis.edu.it\/site\/didattica\/ptof\/\" >\n\t\t\t\t\t\t\tOfferta formativa\t\t\t\t\t\t<\/a>\n\t\t\t\t\t<\/h3>\n\t\t\t\t\n\t\t\t\t\n\t\t\t<\/div>\n\t\t\t\n\t\t<\/div>\n\t\t\t\t\t\t<\/div>\n\t\t\t\t<\/div>\n\t\t\t\t<div class=\"elementor-element elementor-element-a91d511 elementor-position-inline-end elementor-view-default elementor-mobile-position-block-start elementor-widget elementor-widget-icon-box\" data-id=\"a91d511\" data-element_type=\"widget\" data-e-type=\"widget\" data-widget_type=\"icon-box.default\">\n\t\t\t\t<div class=\"elementor-widget-container\">\n\t\t\t\t\t\t\t<div class=\"elementor-icon-box-wrapper\">\n\n\t\t\t\t\t\t<div class=\"elementor-icon-box-icon\">\n\t\t\t\t<a href=\"https:\/\/icsanmartinoinpensilis.edu.it\/site\/didattica\/i-progetti-delle-classi\/\" class=\"elementor-icon\" tabindex=\"-1\" aria-label=\"I progetti delle classi\">\n\t\t\t\t<i aria-hidden=\"true\" class=\"icon icon-right-arrow1\"><\/i>\t\t\t\t<\/a>\n\t\t\t<\/div>\n\t\t\t\n\t\t\t\t\t\t<div class=\"elementor-icon-box-content\">\n\n\t\t\t\t\t\t\t\t\t<h3 class=\"elementor-icon-box-title\">\n\t\t\t\t\t\t<a href=\"https:\/\/icsanmartinoinpensilis.edu.it\/site\/didattica\/i-progetti-delle-classi\/\" >\n\t\t\t\t\t\t\tI progetti delle classi\t\t\t\t\t\t<\/a>\n\t\t\t\t\t<\/h3>\n\t\t\t\t\n\t\t\t\t\n\t\t\t<\/div>\n\t\t\t\n\t\t<\/div>\n\t\t\t\t\t\t<\/div>\n\t\t\t\t<\/div>\n\t\t\t\t<div class=\"elementor-element elementor-element-821e651 elementor-position-inline-end elementor-view-default elementor-mobile-position-block-start elementor-widget elementor-widget-icon-box\" data-id=\"821e651\" data-element_type=\"widget\" data-e-type=\"widget\" data-widget_type=\"icon-box.default\">\n\t\t\t\t<div class=\"elementor-widget-container\">\n\t\t\t\t\t\t\t<div class=\"elementor-icon-box-wrapper\">\n\n\t\t\t\t\t\t<div class=\"elementor-icon-box-icon\">\n\t\t\t\t<a href=\"https:\/\/icsanmartinoinpensilis.edu.it\/site\/didattica\/sezione-musicale\/\" class=\"elementor-icon\" tabindex=\"-1\" aria-label=\"Sezione musciale\">\n\t\t\t\t<i aria-hidden=\"true\" class=\"icon icon-right-arrow1\"><\/i>\t\t\t\t<\/a>\n\t\t\t<\/div>\n\t\t\t\n\t\t\t\t\t\t<div class=\"elementor-icon-box-content\">\n\n\t\t\t\t\t\t\t\t\t<h3 class=\"elementor-icon-box-title\">\n\t\t\t\t\t\t<a href=\"https:\/\/icsanmartinoinpensilis.edu.it\/site\/didattica\/sezione-musicale\/\" >\n\t\t\t\t\t\t\tSezione musciale\t\t\t\t\t\t<\/a>\n\t\t\t\t\t<\/h3>\n\t\t\t\t\n\t\t\t\t\n\t\t\t<\/div>\n\t\t\t\n\t\t<\/div>\n\t\t\t\t\t\t<\/div>\n\t\t\t\t<\/div>\n\t\t\t\t<div class=\"elementor-element elementor-element-8f44074 elementor-position-inline-end elementor-view-default elementor-mobile-position-block-start elementor-widget elementor-widget-icon-box\" data-id=\"8f44074\" data-element_type=\"widget\" data-e-type=\"widget\" data-widget_type=\"icon-box.default\">\n\t\t\t\t<div class=\"elementor-widget-container\">\n\t\t\t\t\t\t\t<div class=\"elementor-icon-box-wrapper\">\n\n\t\t\t\t\t\t<div class=\"elementor-icon-box-icon\">\n\t\t\t\t<a href=\"https:\/\/icsanmartinoinpensilis.edu.it\/site\/didattica\/orari-lezioni\/\" class=\"elementor-icon\" tabindex=\"-1\" aria-label=\"Orari lezioni\">\n\t\t\t\t<i aria-hidden=\"true\" class=\"icon icon-right-arrow1\"><\/i>\t\t\t\t<\/a>\n\t\t\t<\/div>\n\t\t\t\n\t\t\t\t\t\t<div class=\"elementor-icon-box-content\">\n\n\t\t\t\t\t\t\t\t\t<h3 class=\"elementor-icon-box-title\">\n\t\t\t\t\t\t<a href=\"https:\/\/icsanmartinoinpensilis.edu.it\/site\/didattica\/orari-lezioni\/\" >\n\t\t\t\t\t\t\tOrari lezioni\t\t\t\t\t\t<\/a>\n\t\t\t\t\t<\/h3>\n\t\t\t\t\n\t\t\t\t\n\t\t\t<\/div>\n\t\t\t\n\t\t<\/div>\n\t\t\t\t\t\t<\/div>\n\t\t\t\t<\/div>\n\t\t\t\t\t<\/div>\n\t\t<\/div>\n\t\t\t\t\t<\/div>\n\t\t<\/section>\n\t\t\t\t\t<\/div>\n\t\t<\/div>\n\t\t\t\t<div class=\"has_eae_slider elementor-column elementor-col-66 elementor-top-column elementor-element elementor-element-7de530e\" data-eae-slider=\"35090\" data-id=\"7de530e\" data-element_type=\"column\" data-e-type=\"column\">\n\t\t\t<div class=\"elementor-widget-wrap elementor-element-populated\">\n\t\t\t\t\t\t<div class=\"elementor-element elementor-element-678bd08 elementor-widget elementor-widget-text-editor\" data-id=\"678bd08\" data-element_type=\"widget\" data-e-type=\"widget\" data-widget_type=\"text-editor.default\">\n\t\t\t\t<div class=\"elementor-widget-container\">\n\t\t\t\t\t\t\t\t\t<p>I paesi arb\u00ebresh\u00eb situati nel Molise sono: Campomarino, Montecilfone, Portocannone e Ururi, comunit\u00e0 che costituiscono un gruppo con una precisa identit\u00e0 e conservano, oltre la lingua, anche modelli culturali che rispecchiano l\u2019ospitalit\u00e0 (mikpritia), l\u2019onore (ndera) la fedelt\u00e0 ( besa), la fratellanza (vellamja).<br \/><br \/><br \/>La tradizione culturale arb\u00ebresh\u00eb \u00e8 caratterizzata da una tradizione orale tramandata di padre in figlio e da una minore tradizione scritta. <br \/>Intorno al progetto \u201cVoci nella Storia\u201d \u00e8 stata costituita una rete interistituzionale che comprende una rete di scuole, l\u2019associazione Kamastra e le amministrazioni Comunali di Montecilfone, Portocannone, Ururi e Campomarino. <br \/>Il progetto ha come obiettivo principale il recupero del patrimonio culturale e linguistico attraverso il racconto orale e il riassunto scritto della novellistica, fornendo le competenze linguistiche nella comprensione delle fonti e nella produzione di testi e\u00a0sviluppando la padronanza della lingua minoritaria e delle conoscenze storiche ad essa correlate.\u00a0Gli alunni alla fine del percorso hanno prodotto alcune favole scritte,\u00a0 tradotte poi in italiano.<br \/><br \/>Con l&#8217;Orchestra Gabriella Pensa gli alunni coinvolti in Voci nella Storia hanno partecipato a due concorsi musicali nazionali\u00a0esibendosi con il brano arb\u00ebresh\u00eb Vare Vare: Caramanico Terme dove hanno conseguito il primo premio nella categoria orchestre e Isola del Liri dove hanno ottenuto un premio speciale per la valorizzazione delle culture popolari.<br \/><br \/><br \/>A conclusione del ciclo di studi i nostri ragazzi hanno sostenuto la prova di arb\u00ebresh\u00eb durante l&#8217;esame di terza della Scuola Secondaria di I grado.<\/p>\t\t\t\t\t\t\t\t<\/div>\n\t\t\t\t<\/div>\n\t\t\t\t<div class=\"elementor-element elementor-element-48c75fe elementor-widget elementor-widget-text-editor\" data-id=\"48c75fe\" data-element_type=\"widget\" data-e-type=\"widget\" data-widget_type=\"text-editor.default\">\n\t\t\t\t<div class=\"elementor-widget-container\">\n\t\t\t\t\t\t\t\t\t<ul><li><em><span style=\"text-decoration: underline;\"><strong><a href=\"https:\/\/icsanmartinoinpensilis.edu.it\/site\/wp-content\/uploads\/2021\/11\/Favole-Arbereshe.pdf\" target=\"_blank\" rel=\"noopener noreferrer\">Favole degli alunni delle classi terze dei plessi di Ururi e Portocannone<\/a><\/strong><\/span><\/em><\/li><li><em><span style=\"text-decoration: underline;\"><a href=\"https:\/\/icsanmartinoinpensilis.edu.it\/site\/wp-content\/uploads\/2021\/11\/griglie-d-valutazione.pdf\" target=\"_blank\" rel=\"noopener\"><strong>Griglie di Valutazione<\/strong><\/a><\/span><\/em><\/li><li><strong><a href=\"https:\/\/icsanmartinoinpensilis.edu.it\/site\/wp-content\/uploads\/2021\/11\/La-scheda-di-Certificazione-delle-Competenze.pdf\" target=\"_blank\" rel=\"noopener\"><em><span style=\"text-decoration: underline;\">Scheda di Certificazione delle Competenze<\/span><\/em><\/a><\/strong><\/li><\/ul><p style=\"text-align: center;\"><strong>Il video dell&#8217;esibizione dell&#8217;Orch<\/strong><strong>estra Gabriella Pensa<\/strong><\/p><div style=\"width: 800px;\" class=\"wp-video\"><video class=\"wp-video-shortcode\" id=\"video-5359-1\" width=\"800\" height=\"453\" preload=\"metadata\" controls=\"controls\"><source type=\"video\/mp4\" src=\"https:\/\/siteunidos.eu\/sanmartino\/wp-content\/uploads\/2021\/11\/VareVareConcorsoCaramanico.mp4?_=1\" \/><a href=\"https:\/\/siteunidos.eu\/sanmartino\/wp-content\/uploads\/2021\/11\/VareVareConcorsoCaramanico.mp4\">https:\/\/siteunidos.eu\/sanmartino\/wp-content\/uploads\/2021\/11\/VareVareConcorsoCaramanico.mp4<\/a><\/video><\/div>\t\t\t\t\t\t\t\t<\/div>\n\t\t\t\t<\/div>\n\t\t\t\t\t<\/div>\n\t\t<\/div>\n\t\t\t\t\t<\/div>\n\t\t<\/section>\n\t\t\t\t<\/div>\n\t\t","protected":false},"excerpt":{"rendered":"<p>Home Didattica I progetti delle classi Didattica Offerta formativa I progetti delle classi Sezione musciale Orari lezioni I paesi arb\u00ebresh\u00eb situati nel Molise sono: Campomarino, Montecilfone, Portocannone e Ururi, comunit\u00e0 che costituiscono un gruppo con una precisa identit\u00e0 e conservano, oltre la lingua, anche modelli culturali che rispecchiano l\u2019ospitalit\u00e0 (mikpritia), l\u2019onore (ndera) la fedelt\u00e0 ( [&hellip;]<\/p>\n","protected":false},"author":1,"featured_media":0,"parent":0,"menu_order":0,"comment_status":"closed","ping_status":"closed","template":"elementor_header_footer","meta":{"_price":"","_stock":"","_tribe_ticket_header":"","_tribe_default_ticket_provider":"","_tribe_ticket_capacity":"0","_ticket_start_date":"","_ticket_end_date":"","_tribe_ticket_show_description":"","_tribe_ticket_show_not_going":false,"_tribe_ticket_use_global_stock":"","_tribe_ticket_global_stock_level":"","_global_stock_mode":"","_global_stock_cap":"","_tribe_rsvp_for_event":"","_tribe_ticket_going_count":"","_tribe_ticket_not_going_count":"","_tribe_tickets_list":"[]","_tribe_ticket_has_attendee_info_fields":false,"footnotes":"","_tec_slr_enabled":"","_tec_slr_layout":""},"class_list":["post-5359","page","type-page","status-publish","hentry"],"yoast_head":"<!-- This site is optimized with the Yoast SEO plugin v27.5 - https:\/\/yoast.com\/product\/yoast-seo-wordpress\/ -->\n<title>Voci nella Storia - San Martino in Pensilis - Istituto Comprensivo<\/title>\n<meta name=\"robots\" content=\"index, follow, max-snippet:-1, max-image-preview:large, max-video-preview:-1\" \/>\n<link rel=\"canonical\" href=\"https:\/\/www.icsanmartinoinpensilis.edu.it\/site\/voci-nella-storia\/\" \/>\n<meta property=\"og:locale\" content=\"it_IT\" \/>\n<meta property=\"og:type\" content=\"article\" \/>\n<meta property=\"og:title\" content=\"Voci nella Storia - San Martino in Pensilis - Istituto Comprensivo\" \/>\n<meta property=\"og:description\" content=\"Home Didattica I progetti delle classi Didattica Offerta formativa I progetti delle classi Sezione musciale Orari lezioni I paesi arb\u00ebresh\u00eb situati nel Molise sono: Campomarino, Montecilfone, Portocannone e Ururi, comunit\u00e0 che costituiscono un gruppo con una precisa identit\u00e0 e conservano, oltre la lingua, anche modelli culturali che rispecchiano l\u2019ospitalit\u00e0 (mikpritia), l\u2019onore (ndera) la fedelt\u00e0 ( [&hellip;]\" \/>\n<meta property=\"og:url\" content=\"https:\/\/www.icsanmartinoinpensilis.edu.it\/site\/voci-nella-storia\/\" \/>\n<meta property=\"og:site_name\" content=\"San Martino in Pensilis - Istituto Comprensivo\" \/>\n<meta property=\"article:modified_time\" content=\"2025-05-21T14:10:16+00:00\" \/>\n<meta name=\"twitter:card\" content=\"summary_large_image\" \/>\n<meta name=\"twitter:label1\" content=\"Tempo di lettura stimato\" \/>\n\t<meta name=\"twitter:data1\" content=\"2 minuti\" \/>\n<script type=\"application\/ld+json\" class=\"yoast-schema-graph\">{\"@context\":\"https:\\\/\\\/schema.org\",\"@graph\":[{\"@type\":\"WebPage\",\"@id\":\"https:\\\/\\\/www.icsanmartinoinpensilis.edu.it\\\/site\\\/voci-nella-storia\\\/\",\"url\":\"https:\\\/\\\/www.icsanmartinoinpensilis.edu.it\\\/site\\\/voci-nella-storia\\\/\",\"name\":\"Voci nella Storia - San Martino in Pensilis - Istituto Comprensivo\",\"isPartOf\":{\"@id\":\"https:\\\/\\\/www.icsanmartinoinpensilis.edu.it\\\/site\\\/#website\"},\"datePublished\":\"2021-11-08T10:49:08+00:00\",\"dateModified\":\"2025-05-21T14:10:16+00:00\",\"breadcrumb\":{\"@id\":\"https:\\\/\\\/www.icsanmartinoinpensilis.edu.it\\\/site\\\/voci-nella-storia\\\/#breadcrumb\"},\"inLanguage\":\"it-IT\",\"potentialAction\":[{\"@type\":\"ReadAction\",\"target\":[\"https:\\\/\\\/www.icsanmartinoinpensilis.edu.it\\\/site\\\/voci-nella-storia\\\/\"]}]},{\"@type\":\"BreadcrumbList\",\"@id\":\"https:\\\/\\\/www.icsanmartinoinpensilis.edu.it\\\/site\\\/voci-nella-storia\\\/#breadcrumb\",\"itemListElement\":[{\"@type\":\"ListItem\",\"position\":1,\"name\":\"Home\",\"item\":\"https:\\\/\\\/www.icsanmartinoinpensilis.edu.it\\\/site\\\/\"},{\"@type\":\"ListItem\",\"position\":2,\"name\":\"Voci nella Storia\"}]},{\"@type\":\"WebSite\",\"@id\":\"https:\\\/\\\/www.icsanmartinoinpensilis.edu.it\\\/site\\\/#website\",\"url\":\"https:\\\/\\\/www.icsanmartinoinpensilis.edu.it\\\/site\\\/\",\"name\":\"San Martino in Pensilis - Istituto Comprensivo\",\"description\":\"Istituto Comprensivo San Martino in Pensilis\",\"potentialAction\":[{\"@type\":\"SearchAction\",\"target\":{\"@type\":\"EntryPoint\",\"urlTemplate\":\"https:\\\/\\\/www.icsanmartinoinpensilis.edu.it\\\/site\\\/?s={search_term_string}\"},\"query-input\":{\"@type\":\"PropertyValueSpecification\",\"valueRequired\":true,\"valueName\":\"search_term_string\"}}],\"inLanguage\":\"it-IT\"}]}<\/script>\n<!-- \/ Yoast SEO plugin. -->","yoast_head_json":{"title":"Voci nella Storia - San Martino in Pensilis - Istituto Comprensivo","robots":{"index":"index","follow":"follow","max-snippet":"max-snippet:-1","max-image-preview":"max-image-preview:large","max-video-preview":"max-video-preview:-1"},"canonical":"https:\/\/www.icsanmartinoinpensilis.edu.it\/site\/voci-nella-storia\/","og_locale":"it_IT","og_type":"article","og_title":"Voci nella Storia - San Martino in Pensilis - Istituto Comprensivo","og_description":"Home Didattica I progetti delle classi Didattica Offerta formativa I progetti delle classi Sezione musciale Orari lezioni I paesi arb\u00ebresh\u00eb situati nel Molise sono: Campomarino, Montecilfone, Portocannone e Ururi, comunit\u00e0 che costituiscono un gruppo con una precisa identit\u00e0 e conservano, oltre la lingua, anche modelli culturali che rispecchiano l\u2019ospitalit\u00e0 (mikpritia), l\u2019onore (ndera) la fedelt\u00e0 ( [&hellip;]","og_url":"https:\/\/www.icsanmartinoinpensilis.edu.it\/site\/voci-nella-storia\/","og_site_name":"San Martino in Pensilis - Istituto Comprensivo","article_modified_time":"2025-05-21T14:10:16+00:00","twitter_card":"summary_large_image","twitter_misc":{"Tempo di lettura stimato":"2 minuti"},"schema":{"@context":"https:\/\/schema.org","@graph":[{"@type":"WebPage","@id":"https:\/\/www.icsanmartinoinpensilis.edu.it\/site\/voci-nella-storia\/","url":"https:\/\/www.icsanmartinoinpensilis.edu.it\/site\/voci-nella-storia\/","name":"Voci nella Storia - San Martino in Pensilis - Istituto Comprensivo","isPartOf":{"@id":"https:\/\/www.icsanmartinoinpensilis.edu.it\/site\/#website"},"datePublished":"2021-11-08T10:49:08+00:00","dateModified":"2025-05-21T14:10:16+00:00","breadcrumb":{"@id":"https:\/\/www.icsanmartinoinpensilis.edu.it\/site\/voci-nella-storia\/#breadcrumb"},"inLanguage":"it-IT","potentialAction":[{"@type":"ReadAction","target":["https:\/\/www.icsanmartinoinpensilis.edu.it\/site\/voci-nella-storia\/"]}]},{"@type":"BreadcrumbList","@id":"https:\/\/www.icsanmartinoinpensilis.edu.it\/site\/voci-nella-storia\/#breadcrumb","itemListElement":[{"@type":"ListItem","position":1,"name":"Home","item":"https:\/\/www.icsanmartinoinpensilis.edu.it\/site\/"},{"@type":"ListItem","position":2,"name":"Voci nella Storia"}]},{"@type":"WebSite","@id":"https:\/\/www.icsanmartinoinpensilis.edu.it\/site\/#website","url":"https:\/\/www.icsanmartinoinpensilis.edu.it\/site\/","name":"San Martino in Pensilis - Istituto Comprensivo","description":"Istituto Comprensivo San Martino in Pensilis","potentialAction":[{"@type":"SearchAction","target":{"@type":"EntryPoint","urlTemplate":"https:\/\/www.icsanmartinoinpensilis.edu.it\/site\/?s={search_term_string}"},"query-input":{"@type":"PropertyValueSpecification","valueRequired":true,"valueName":"search_term_string"}}],"inLanguage":"it-IT"}]}},"ticketed":false,"_links":{"self":[{"href":"https:\/\/www.icsanmartinoinpensilis.edu.it\/site\/wp-json\/wp\/v2\/pages\/5359","targetHints":{"allow":["GET"]}}],"collection":[{"href":"https:\/\/www.icsanmartinoinpensilis.edu.it\/site\/wp-json\/wp\/v2\/pages"}],"about":[{"href":"https:\/\/www.icsanmartinoinpensilis.edu.it\/site\/wp-json\/wp\/v2\/types\/page"}],"author":[{"embeddable":true,"href":"https:\/\/www.icsanmartinoinpensilis.edu.it\/site\/wp-json\/wp\/v2\/users\/1"}],"replies":[{"embeddable":true,"href":"https:\/\/www.icsanmartinoinpensilis.edu.it\/site\/wp-json\/wp\/v2\/comments?post=5359"}],"version-history":[{"count":0,"href":"https:\/\/www.icsanmartinoinpensilis.edu.it\/site\/wp-json\/wp\/v2\/pages\/5359\/revisions"}],"wp:attachment":[{"href":"https:\/\/www.icsanmartinoinpensilis.edu.it\/site\/wp-json\/wp\/v2\/media?parent=5359"}],"curies":[{"name":"wp","href":"https:\/\/api.w.org\/{rel}","templated":true}]}}