{"id":638,"date":"2021-09-10T10:59:52","date_gmt":"2021-09-10T10:59:52","guid":{"rendered":"https:\/\/siteunidos.eu\/sanmartino\/?page_id=638"},"modified":"2025-05-21T12:23:56","modified_gmt":"2025-05-21T10:23:56","slug":"scuola-secondaria-di-i-grado","status":"publish","type":"page","link":"https:\/\/www.icsanmartinoinpensilis.edu.it\/site\/scuola\/i-luoghi\/scuola-secondaria-di-i-grado\/","title":{"rendered":"Scuola Secondaria di I Grado"},"content":{"rendered":"\t\t<div data-elementor-type=\"wp-page\" data-elementor-id=\"638\" class=\"elementor elementor-638\" data-elementor-post-type=\"page\">\n\t\t\t\t\t\t<section class=\"has_eae_slider elementor-section elementor-top-section elementor-element elementor-element-a72f8fd elementor-section-boxed elementor-section-height-default elementor-section-height-default\" data-eae-slider=\"83477\" data-id=\"a72f8fd\" data-element_type=\"section\" data-e-type=\"section\" data-settings=\"{&quot;background_background&quot;:&quot;classic&quot;}\">\n\t\t\t\t\t\t<div class=\"elementor-container elementor-column-gap-default\">\n\t\t\t\t\t<div class=\"has_eae_slider elementor-column elementor-col-100 elementor-top-column elementor-element elementor-element-32a32b1\" data-eae-slider=\"13977\" data-id=\"32a32b1\" data-element_type=\"column\" data-e-type=\"column\">\n\t\t\t<div class=\"elementor-widget-wrap elementor-element-populated\">\n\t\t\t\t\t\t<div class=\"elementor-element elementor-element-6c8263f elementor-widget elementor-widget-html\" data-id=\"6c8263f\" data-element_type=\"widget\" data-e-type=\"widget\" data-widget_type=\"html.default\">\n\t\t\t\t<div class=\"elementor-widget-container\">\n\t\t\t\t\t<ul class=\"breadcrumb\" data-element=\"breadcrumb\">\n  <li><a href=\"https:\/\/icsanmartinoinpensilis.edu.it\/site\/\">Home<\/a><\/li>\n  <li><a href=\"https:\/\/icsanmartinoinpensilis.edu.it\/site\/scuola\/\">Scuola<\/a><\/li>\n    <li><a href=\"https:\/\/icsanmartinoinpensilis.edu.it\/site\/scuola\/i-luoghi\">I luoghi<\/a><\/li>\n  <li>Scuola Secondaria di I Grado<\/li>\n<\/ul>\n\n<style>\n    ul.breadcrumb {\n  list-style: none;\n}\n\n\/* Display list items side by side *\/\nul.breadcrumb li {\n  display: inline;\n  font-family: \"Roboto Mono\", Sans-serif;\nfont-size:0.9rem;\nfont-weight: 400;\ncolor: #455B71;\n}\n\n\/* Add a slash symbol (\/) before\/behind each list item *\/\nul.breadcrumb li+li:before {\n  padding: 8px;\n  color: black;\n  content: \"\u00bb\";\n}\n\n\/* Add a color to all links inside the list *\/\nul.breadcrumb li a {\n  font-family: \"Titillium Web\", Sans-serif;\nfont-size: 0.9rem;\nfont-weight: 400;\n  color: #42BD84;\n  text-decoration: none;\n}\n\n<\/style>\t\t\t\t<\/div>\n\t\t\t\t<\/div>\n\t\t\t\t\t<\/div>\n\t\t<\/div>\n\t\t\t\t\t<\/div>\n\t\t<\/section>\n\t\t\t\t<section class=\"has_eae_slider elementor-section elementor-top-section elementor-element elementor-element-7c9023c elementor-section-boxed elementor-section-height-default elementor-section-height-default\" data-eae-slider=\"47957\" data-id=\"7c9023c\" data-element_type=\"section\" data-e-type=\"section\" data-settings=\"{&quot;background_background&quot;:&quot;classic&quot;}\">\n\t\t\t\t\t\t<div class=\"elementor-container elementor-column-gap-default\">\n\t\t\t\t\t<div class=\"has_eae_slider elementor-column elementor-col-100 elementor-top-column elementor-element elementor-element-3f47017\" data-eae-slider=\"85147\" data-id=\"3f47017\" data-element_type=\"column\" data-e-type=\"column\">\n\t\t\t<div class=\"elementor-widget-wrap elementor-element-populated\">\n\t\t\t\t\t\t<div class=\"elementor-element elementor-element-90a41da elementor-widget elementor-widget-theme-post-title elementor-page-title elementor-widget-heading\" data-id=\"90a41da\" data-element_type=\"widget\" data-e-type=\"widget\" data-widget_type=\"theme-post-title.default\">\n\t\t\t\t<div class=\"elementor-widget-container\">\n\t\t\t\t\t<h1 class=\"elementor-heading-title elementor-size-default\"><div class=\"font-sans-serif\">Scuola Secondaria di I Grado<\/div><\/h1>\t\t\t\t<\/div>\n\t\t\t\t<\/div>\n\t\t\t\t\t<\/div>\n\t\t<\/div>\n\t\t\t\t\t<\/div>\n\t\t<\/section>\n\t\t\t\t<section class=\"has_eae_slider elementor-section elementor-top-section elementor-element elementor-element-8cc72ec elementor-section-boxed elementor-section-height-default elementor-section-height-default\" data-eae-slider=\"34818\" data-id=\"8cc72ec\" data-element_type=\"section\" data-e-type=\"section\">\n\t\t\t\t\t\t<div class=\"elementor-container elementor-column-gap-default\">\n\t\t\t\t\t<div class=\"has_eae_slider elementor-column elementor-col-33 elementor-top-column elementor-element elementor-element-43a18d4\" data-eae-slider=\"21422\" data-id=\"43a18d4\" data-element_type=\"column\" data-e-type=\"column\">\n\t\t\t<div class=\"elementor-widget-wrap elementor-element-populated\">\n\t\t\t\t\t\t<section class=\"has_eae_slider elementor-section elementor-inner-section elementor-element elementor-element-3a19e95 elementor-section-boxed elementor-section-height-default elementor-section-height-default\" data-eae-slider=\"70491\" data-id=\"3a19e95\" data-element_type=\"section\" data-e-type=\"section\" data-settings=\"{&quot;background_background&quot;:&quot;classic&quot;,&quot;sticky&quot;:&quot;top&quot;,&quot;sticky_on&quot;:[&quot;desktop&quot;],&quot;sticky_offset&quot;:80,&quot;sticky_effects_offset&quot;:0,&quot;sticky_anchor_link_offset&quot;:0}\">\n\t\t\t\t\t\t<div class=\"elementor-container elementor-column-gap-default\">\n\t\t\t\t\t<div class=\"has_eae_slider elementor-column elementor-col-100 elementor-inner-column elementor-element elementor-element-cade983\" data-eae-slider=\"99508\" data-id=\"cade983\" data-element_type=\"column\" data-e-type=\"column\">\n\t\t\t<div class=\"elementor-widget-wrap elementor-element-populated\">\n\t\t\t\t\t\t<div class=\"elementor-element elementor-element-3dac4b4 elementor-widget elementor-widget-heading\" data-id=\"3dac4b4\" data-element_type=\"widget\" data-e-type=\"widget\" data-widget_type=\"heading.default\">\n\t\t\t\t<div class=\"elementor-widget-container\">\n\t\t\t\t\t<h2 class=\"elementor-heading-title elementor-size-default\"><a href=\"#presentazione\">Presentazione<\/a><\/h2>\t\t\t\t<\/div>\n\t\t\t\t<\/div>\n\t\t\t\t\t<\/div>\n\t\t<\/div>\n\t\t\t\t\t<\/div>\n\t\t<\/section>\n\t\t\t\t<section class=\"has_eae_slider elementor-section elementor-inner-section elementor-element elementor-element-cdb2e25 elementor-section-boxed elementor-section-height-default elementor-section-height-default\" data-eae-slider=\"70612\" data-id=\"cdb2e25\" data-element_type=\"section\" data-e-type=\"section\" data-settings=\"{&quot;background_background&quot;:&quot;classic&quot;,&quot;sticky&quot;:&quot;top&quot;,&quot;sticky_on&quot;:[&quot;desktop&quot;],&quot;sticky_offset&quot;:121,&quot;sticky_effects_offset&quot;:0,&quot;sticky_anchor_link_offset&quot;:0}\">\n\t\t\t\t\t\t<div class=\"elementor-container elementor-column-gap-default\">\n\t\t\t\t\t<div class=\"has_eae_slider elementor-column elementor-col-100 elementor-inner-column elementor-element elementor-element-49927da\" data-eae-slider=\"13802\" data-id=\"49927da\" data-element_type=\"column\" data-e-type=\"column\">\n\t\t\t<div class=\"elementor-widget-wrap elementor-element-populated\">\n\t\t\t\t\t\t<div class=\"elementor-element elementor-element-c60c03b elementor-widget elementor-widget-heading\" data-id=\"c60c03b\" data-element_type=\"widget\" data-e-type=\"widget\" data-settings=\"{&quot;sticky&quot;:&quot;top&quot;,&quot;sticky_on&quot;:[&quot;desktop&quot;],&quot;sticky_offset&quot;:121,&quot;sticky_effects_offset&quot;:0,&quot;sticky_anchor_link_offset&quot;:0}\" data-widget_type=\"heading.default\">\n\t\t\t\t<div class=\"elementor-widget-container\">\n\t\t\t\t\t<h2 class=\"elementor-heading-title elementor-size-default\"><a href=\"#organizzazione\">Organizzazione e contatti<\/a><\/h2>\t\t\t\t<\/div>\n\t\t\t\t<\/div>\n\t\t\t\t\t<\/div>\n\t\t<\/div>\n\t\t\t\t\t<\/div>\n\t\t<\/section>\n\t\t\t\t\t<\/div>\n\t\t<\/div>\n\t\t\t\t<div class=\"has_eae_slider elementor-column elementor-col-66 elementor-top-column elementor-element elementor-element-2f1b388\" data-eae-slider=\"9942\" data-id=\"2f1b388\" data-element_type=\"column\" data-e-type=\"column\">\n\t\t\t<div class=\"elementor-widget-wrap elementor-element-populated\">\n\t\t\t\t\t\t<div class=\"elementor-element elementor-element-06dffdd elementor-widget elementor-widget-text-editor\" data-id=\"06dffdd\" data-element_type=\"widget\" data-e-type=\"widget\" data-widget_type=\"text-editor.default\">\n\t\t\t\t<div class=\"elementor-widget-container\">\n\t\t\t\t\t\t\t\t\tLa Scuola Secondaria di I Grado organizza ed accresce, anche attraverso l\u2019alfabetizzazione e l\u2019approfondimento nelle tecnologie informatiche, le conoscenze e le abilit\u00e0, anche in relazione alla tradizione culturale e alla evoluzione sociale, culturale e scientifica della realt\u00e0 contemporanea.\n\nClicca sulla sede dell&#8217;IC John Dewey che ti interessa, per avere tutte le informazioni (Sede, Organizzazione didattica, spazi, attrezzature, insegnanti ecc.)\t\t\t\t\t\t\t\t<\/div>\n\t\t\t\t<\/div>\n\t\t\t\t<div class=\"elementor-element elementor-element-578517d elementor-widget elementor-widget-spacer\" data-id=\"578517d\" data-element_type=\"widget\" data-e-type=\"widget\" data-widget_type=\"spacer.default\">\n\t\t\t\t<div class=\"elementor-widget-container\">\n\t\t\t\t\t\t\t<div class=\"elementor-spacer\">\n\t\t\t<div class=\"elementor-spacer-inner\"><\/div>\n\t\t<\/div>\n\t\t\t\t\t\t<\/div>\n\t\t\t\t<\/div>\n\t\t\t\t<div class=\"elementor-element elementor-element-e635d24 elementor-widget elementor-widget-heading\" data-id=\"e635d24\" data-element_type=\"widget\" data-e-type=\"widget\" id=\"presentazione\" data-widget_type=\"heading.default\">\n\t\t\t\t<div class=\"elementor-widget-container\">\n\t\t\t\t\t<h2 class=\"elementor-heading-title elementor-size-xl\">Presentazione<\/h2>\t\t\t\t<\/div>\n\t\t\t\t<\/div>\n\t\t\t\t<div class=\"elementor-element elementor-element-f361d10 elementor-widget elementor-widget-eael-adv-tabs\" data-id=\"f361d10\" data-element_type=\"widget\" data-e-type=\"widget\" data-widget_type=\"eael-adv-tabs.default\">\n\t\t\t\t<div class=\"elementor-widget-container\">\n\t\t\t\t\t        <div data-scroll-on-click=\"no\" data-scroll-speed=\"300\" id=\"eael-advance-tabs-f361d10\" class=\"eael-advance-tabs eael-tabs-vertical eael-tab-auto-active \" data-tabid=\"f361d10\">\n            <div class=\"eael-tabs-nav \">\n                <ul class=\"eael-tab-inline-icon\" role=\"tablist\">\n                                            <li id=\"san-martino-in-pensilis\" class=\"inactive eael-tab-item-trigger eael-tab-nav-item\" aria-selected=\"true\" data-tab=\"1\" role=\"tab\" tabindex=\"0\" aria-controls=\"san-martino-in-pensilis-tab\" aria-expanded=\"false\">\n                            \n                                                                <i class=\"fas fa-city\"><\/i>                                                            \n                                                            <span class=\"eael-tab-title title-after-icon\" >San Martino In Pensilis<\/span>                            \n                                                    <\/li>\n                                            <li id=\"portocannone\" class=\"inactive eael-tab-item-trigger eael-tab-nav-item\" aria-selected=\"false\" data-tab=\"2\" role=\"tab\" tabindex=\"-1\" aria-controls=\"portocannone-tab\" aria-expanded=\"false\">\n                            \n                                                                <i class=\"fas fa-city\"><\/i>                                                            \n                                                            <span class=\"eael-tab-title title-after-icon\" >Portocannone<\/span>                            \n                                                    <\/li>\n                                            <li id=\"ururi\" class=\"inactive eael-tab-item-trigger eael-tab-nav-item\" aria-selected=\"false\" data-tab=\"3\" role=\"tab\" tabindex=\"-1\" aria-controls=\"ururi-tab\" aria-expanded=\"false\">\n                            \n                                                                <i class=\"fas fa-city\"><\/i>                                                            \n                                                            <span class=\"eael-tab-title title-after-icon\" >Ururi<\/span>                            \n                                                    <\/li>\n                    \n                                  <\/ul>\n            <\/div>\n            \n            <div class=\"eael-tabs-content\">\n\t\t        \n                    <div id=\"san-martino-in-pensilis-tab\" class=\"clearfix eael-tab-content-item inactive\" data-title-link=\"san-martino-in-pensilis-tab\">\n\t\t\t\t        <strong>Sede in Via F.lli Fusco<\/strong>\n<p style=\"text-align: justify\">La scuola secondaria di primo grado, attraverso le discipline:<\/p>\n\n<ul>\n \t<li>favorisce la crescita delle capacit\u00e0 autonome di studio e di interazione sociale;<\/li>\n \t<li>organizza ed accresce, anche attraverso l\u2019alfabetizzazione e l\u2019approfondimento nelle tecnologie informatiche, le conoscenze e le abilit\u00e0, anche in relazione alla tradizione culturale e alla evoluzione sociale, culturale e scientifica della realt\u00e0 contemporanea;<\/li>\n \t<li>sviluppa progressivamente le competenze e le\u00a0 capacit\u00e0 di scelta corrispondenti alle attitudini e vocazioni degli allievi;<\/li>\n \t<li>fornisce strumenti adeguati alla prosecuzione delle attivit\u00e0 di istruzione e formazione;<\/li>\n \t<li>introduce lo studio di una seconda lingua dell\u2019Unione europea;<\/li>\n \t<li>aiuta ad orientarsi per la successiva scelta di istruzione e formazione.<\/li>\n<\/ul>\n&nbsp;\n<p style=\"text-align: justify\">La frequenza alla scuola secondaria di primo grado \u00e8 obbligatoria per tutti i ragazzi italiani e stranieri che abbiano concluso il percorso della scuola primaria.\u00a0Il primo ciclo di istruzione si conclude con un esame di Stato, il cui superamento costituisce titolo di accesso al secondo ciclo.\u00a0La Scuola Secondaria di Primo Grado \u00e8 articolata su 2 corsi completi, \u00a0A \u2013 B , per un totale di 6\u00a0classi. Frequentano\u00a0<strong>111<\/strong>\u00a0alunni.<\/p>\n<p style=\"text-align: justify\">Il modulo orario \u00e8 di 30 ore settimanali articolato in cinque giorni, dal luned\u00ec al venerd\u00ec, dalle ore 08:00 alle ore 14:00. Per alcuni alunni delle tre classi \u00a0sono previsti due rientri settimanali per le lezioni di strumento musicale. Gli insegnamenti previsti sono: Clarinetto, Pianoforte, Chitarra, Percussioni. Per tutte le discipline l\u2019orario di cattedra \u00e8 di 18 ore settimanali.\u00a0\u00a0Viene impartito l\u2019insegnamento di due lingue comunitarie: inglese per 3 ore settimanali e francese per 2 ore settimanali.\n\n<strong>Organizzazione oraria e distribuzione delle cattedre:<\/strong>\n\n<strong>Castelli M.Assunta \u2013\u00a0<\/strong> Italiano, Storia\u00a0 IIB \u2013 Italiano, Storia e Geografia\u00a0\u00a0IIIA\n\n<strong>Di Martino Antonella \u2013<\/strong>Italiano, Storia\u00a0 IA -Italiano, Storia e Geografia\u00a0\u00a0IIA\n\n<strong>Petrillo <\/strong><strong>Raffaele\u00a0 \u2013 <\/strong>Geografia IIB\n\n<strong>Spiaggia <\/strong><strong>Francesca\u00a0 \u2013 <\/strong>Italiano, Storia\u00a0 IB \u2013 Italiano, Storia e Geografia IIIB \u2013 Geografia IIA\n\n<strong>Cucaro Tiziana\u00a0 \u2013 <\/strong>Geografia IA\n\n<strong>Di Stefano Emilia\u00a0 \u2013 <\/strong>Geografia IB\n\n<strong>Fuschino Lorenzo\u00a0 \u2013 <\/strong>Matematica, Scienze IB IIB IIIA\n\n<strong>Saracino Filomena \u2013<\/strong>Matematica, Scienze IA IIA IIIB\n\n<strong>Mancini Paola \u2013<\/strong>Francese\u00a0in tutte le classi\n\n<strong>Ciarfeo Teresa \u2013\u00a0<\/strong>Inglese IIB IIIA\n\n<strong>Quarta Tatiana \u2013\u00a0<\/strong>Inglese IA IB\n\n<strong>Mastromonaco\u00a0 Giovanna<\/strong> <strong>\u2013\u00a0<\/strong>Inglese<strong>\u00a0<\/strong> IIA IIIB\n\n<strong>Croce Vincenzo \u2013 <\/strong>Ed. Fisica IIA\u00a0 IIIA\u00a0 IB\u00a0 IIB\u00a0 IIIB\n\n<strong>Marino Olimpia \u2013 <\/strong>Ed. Fisica IA\n\n<strong>Guarino Irene \u2013\u00a0<\/strong>Musica\u00a0in tutte le classi\n\n<strong>Di Palma Francesco \u2013\u00a0<\/strong>Tecnologia\u00a0in tutte le classi\n\n<strong>Tedeschi Pasqualina \u2013\u00a0<\/strong>Arte e Immagine IIA\n\n<strong>Mancini Adolfo \u2013\u00a0<\/strong>Arte e Immagine IIIB\n\n<strong>Vesce Giuseppe \u2013 <\/strong>Arte e Immagine IA IIIA IB IIB\n\n<strong>Iaizzi M. Maddalena \u2013\u00a0<\/strong>Religione\u00a0in tutte le classi\n\n<strong>Renzi Maria \u2013\u00a0<\/strong>Sostegno\n\n<strong>Petti Anna \u2013 <\/strong>Sostegno\n\n<strong>Albanese Tiziano \u2013\u00a0<\/strong>Pianoforte con gruppi di alunni di classi I, II, III\n\n<strong>Carbone Graziano \u2013\u00a0<\/strong>Percussioni\u00a0con gruppi di alunni di classi I, II, III\n\n<strong>Genovese Vittorio \u2013\u00a0<\/strong>Clarinetto\u00a0con gruppi di alunni di classi I, II, III\n\n<strong>Belnudo Dario \u2013\u00a0<\/strong>Chitarra\u00a0con gruppi di alunni di classi I, II, III\n\n<strong>Spazi e laboratori<\/strong>\n\nLaboratorio di scienze,\u00a0Laboratorio multimediale linguistico,\u00a0Laboratorio di informatica,\u00a0Laboratorio di arte e immagine,\u00a09 LIM (Lavagne interattive multimediali),\u00a0Biblioteca,\u00a0Auditorium,\u00a0Palestra e piste di atletica.\n<p><\/p>                    <\/div>\n\t\t        \n                    <div id=\"portocannone-tab\" class=\"clearfix eael-tab-content-item inactive\" data-title-link=\"portocannone-tab\">\n\t\t\t\t        <p><strong>Via Roma &#8211; <\/strong><\/p><p style=\"text-align: justify\">La scuola \u00e8 attualmente ospitata presso la sede dell\u2019Oratorio parrocchiale-<\/p><p>La Scuola Secondaria di Primo Grado di Portocannone\u00a0\u00e8 \u00a0cos\u00ec articolata:<\/p><ul><li>Corso A completo e una classe terza del corso B<\/li><\/ul><p>per un totale di 4 classi e\u00a0<strong>63<\/strong>\u00a0alunni.<\/p><p style=\"text-align: justify\">Viene impartito l\u2019insegnamento di due lingue comunitarie: inglese per 3 ore settimanali e francese per 2 ore settimanali. Il modulo orario \u00e8 di 30 ore settimanali, articolato in cinque giorni, dal luned\u00ec al venerd\u00ec, dalle ore 08:00 alle ore 14:00.<\/p><p>Per tutte le discipline l\u2019orario di cattedra \u00e8 di 18 ore settimanali.<\/p><p><strong>Organizzazione oraria e distribuzione delle cattedre:<\/strong><\/p><p><strong>Calabrese Rossella \u2013 <\/strong>Italiano, Storia IIIB\u00a0 -Storia, Geografia IIA<\/p><p><strong>La Vecchia Lucia<\/strong>\u00a0\u2013 Italiano IIA, Italiano, Storia, Geografia IIIA<\/p><p><strong>Di Stefano Emilia<\/strong> \u2013 Italiano, Storia, Geografia IA- Geografia IIIB<\/p><p><strong>D\u2019Incecco Annamaria \u2013\u00a0<\/strong>Matematica, Scienze IIA IIIA IIIB<\/p><p><strong>D&#8217;Amico Federica<\/strong> \u2013 Matematica IA<\/p><p><strong>Mancini Paola \u2013 <\/strong>Francese IIA IIIA IIIB<\/p><p><strong>Totaro Angiolina \u2013 <\/strong>Francese IA<\/p><p><strong>Quarta Tatiana \u2013 <\/strong>Inglese in tutte le classi<\/p><p><strong>Ferrazzano Pietro<\/strong> \u2013 Musica IA<\/p><p><strong>Genovese Vittorio \u2013 <\/strong>Musica IIA IIIA IIIB<\/p><p><strong>Tedeschi Pasqualina \u2013<\/strong>Arte e Immagine in tutte le classi<\/p><p><b>Di Palma Francesco <\/b>\u2013 Tecnologia IA IIIA IIIB<\/p><p><strong>\u00a0D\u2019Andrea\u00a0<\/strong><strong>Andrea<\/strong>\u2013 Tecnologia IIA<\/p><p><strong>Marino Olimpia<\/strong>\u00a0\u2013 Scienze Motorie in tutte le classi<\/p><p><strong>Muccino Giuliana \u2013 <\/strong>Sostegno<\/p><p><strong>Musacchio Costantina \u2013 <\/strong>Sostegno<\/p><p><strong>Sallustio Leonita \u2013 <\/strong>Sostegno<\/p><p><strong>Di Bona Valeria \u2013 <\/strong>Sostegno<\/p><p><strong>Iaizzi Maria Maddalena<\/strong>\u00a0\u2013\u00a0Religione\u00a0in tutte le classi<\/p><p><strong>Spazi e laboratori<\/strong><\/p><p>Al momento non sono presenti.<\/p>                    <\/div>\n\t\t        \n                    <div id=\"ururi-tab\" class=\"clearfix eael-tab-content-item inactive\" data-title-link=\"ururi-tab\">\n\t\t\t\t        <p><strong>Entrata di\u00a0Via Provinciale\u00a0<\/strong><strong>\u00a0tel. 0874 830139<\/strong><\/p><p style=\"text-align: justify\">La Scuola Secondaria di Primo Grado di URURI \u00e8 \u00a0cos\u00ec articolata:<\/p><ul><li>Corso A completo<\/li><\/ul><p>per un totale di 3 classi.\u00a0\u00a0Frequentano <strong>61<\/strong> alunni.<\/p><p style=\"text-align: justify\">Viene impartito l\u2019insegnamento di due lingue comunitarie: inglese per 3 ore settimanali e francese per 2 ore settimanali. Il modulo orario \u00e8 di 30 ore settimanali, articolato in cinque giorni, dal luned\u00ec al venerd\u00ec, dalle ore 08:00 alle ore 14:00.<\/p><p>Per tutte le discipline l\u2019orario di cattedra \u00e8 di 18 ore settimanali.<\/p><p><strong>Organizzazione oraria e distribuzione delle cattedre:<\/strong><\/p><p><strong>Petrillo Raffaele<\/strong> \u2013 Italiano, Storia, Geografia\u00a0 IA &#8211; Storia, Geografia IIIA<\/p><p><strong>Pace Francesca \u2013 <\/strong>Italiano, Storia, Geografia IIA, Italiano IIIA<\/p><p><strong>Cucaro Tiziana \u2013 <\/strong>Italiano, Storia, Geografia IB<\/p><p><strong>Milone Assunta<\/strong> \u2013 Matematica, Scienze IB IIA IIIA<\/p><p><strong>D&#8217;Amico Federica<\/strong> \u2013 Matematica, Scienze IA<\/p><p><strong>Mastromonaco Giovanna<\/strong>\u00a0 \u2013 Inglese in tutte le classi<\/p><p><strong>Grimani Barbara<\/strong>\u00a0\u2013 Francese in tutte le classi<\/p><p><strong>Croce Vincenzo<\/strong>\u00a0\u2013 Scienze Motorie\u00a0in tutte le classi<\/p><p><strong>Ferrazzano Pietro \u2013<\/strong>Musica\u00a0in tutte le classi<\/p><p><strong>Mancini Adolfo \u2013<\/strong>Arte e Immagine in tutte le classi<\/p><p><strong>D&#8217;Andrea Andrea \u2013<\/strong>Tecnologia in tutte le classi<\/p><p><strong>Iaizzi Maria Maddalena<\/strong>\u00a0\u2013 Religione\u00a0in tutte le classi<\/p><p><strong>Fiardi Monica<\/strong>\u00a0\u2013 Sostegno<\/p><p><strong>Spazi e laboratori<\/strong><\/p><p>Laboratorio di informatica<\/p><p>4 LIM (Lavagne interattive multimediali)<\/p><p>Biblioteca<\/p><p>Palestra<\/p><p style=\"text-align: justify\">Gli spazi, i laboratori e le attrezzature della Scuola Secondaria sono a disposizione di tutti i docenti e di tutti gli alunni dell\u2019Istituto Comprensivo.<\/p>                    <\/div>\n\t\t                    <\/div>\n        <\/div>\n\t\t\t\t<\/div>\n\t\t\t\t<\/div>\n\t\t\t\t<div class=\"elementor-element elementor-element-13b82e0 elementor-widget elementor-widget-spacer\" data-id=\"13b82e0\" data-element_type=\"widget\" data-e-type=\"widget\" data-widget_type=\"spacer.default\">\n\t\t\t\t<div class=\"elementor-widget-container\">\n\t\t\t\t\t\t\t<div class=\"elementor-spacer\">\n\t\t\t<div class=\"elementor-spacer-inner\"><\/div>\n\t\t<\/div>\n\t\t\t\t\t\t<\/div>\n\t\t\t\t<\/div>\n\t\t\t\t<div class=\"elementor-element elementor-element-a3e8f85 elementor-widget elementor-widget-heading\" data-id=\"a3e8f85\" data-element_type=\"widget\" data-e-type=\"widget\" id=\"organizzazione\" data-widget_type=\"heading.default\">\n\t\t\t\t<div class=\"elementor-widget-container\">\n\t\t\t\t\t<h2 class=\"elementor-heading-title elementor-size-xl\">Organizzazione e contatti<\/h2>\t\t\t\t<\/div>\n\t\t\t\t<\/div>\n\t\t\t\t<div class=\"elementor-element elementor-element-88fa6f0 elementor-widget elementor-widget-text-editor\" data-id=\"88fa6f0\" data-element_type=\"widget\" data-e-type=\"widget\" data-widget_type=\"text-editor.default\">\n\t\t\t\t<div class=\"elementor-widget-container\">\n\t\t\t\t\t\t\t\t\t<p>40 ore settimanali dal luned\u00ec al venerd\u00ec<\/p><p>Ingresso generale: ore 08:30<\/p><p>Uscita generale: ore 13:30<\/p>\t\t\t\t\t\t\t\t<\/div>\n\t\t\t\t<\/div>\n\t\t\t\t<div class=\"elementor-element elementor-element-17c1422 elementor-widget elementor-widget-spacer\" data-id=\"17c1422\" data-element_type=\"widget\" data-e-type=\"widget\" data-widget_type=\"spacer.default\">\n\t\t\t\t<div class=\"elementor-widget-container\">\n\t\t\t\t\t\t\t<div class=\"elementor-spacer\">\n\t\t\t<div class=\"elementor-spacer-inner\"><\/div>\n\t\t<\/div>\n\t\t\t\t\t\t<\/div>\n\t\t\t\t<\/div>\n\t\t\t\t<section class=\"has_eae_slider elementor-section elementor-inner-section elementor-element elementor-element-f9aab78 elementor-section-full_width elementor-section-height-default elementor-section-height-default\" data-eae-slider=\"11692\" data-id=\"f9aab78\" data-element_type=\"section\" data-e-type=\"section\">\n\t\t\t\t\t\t<div class=\"elementor-container elementor-column-gap-default\">\n\t\t\t\t\t<div class=\"has_eae_slider elementor-column elementor-col-100 elementor-inner-column elementor-element elementor-element-b7e5b68\" data-eae-slider=\"74055\" data-id=\"b7e5b68\" data-element_type=\"column\" data-e-type=\"column\">\n\t\t\t<div class=\"elementor-widget-wrap elementor-element-populated\">\n\t\t\t\t\t\t<div class=\"elementor-element elementor-element-e975b04 elementor-widget elementor-widget-text-editor\" data-id=\"e975b04\" data-element_type=\"widget\" data-e-type=\"widget\" data-widget_type=\"text-editor.default\">\n\t\t\t\t<div class=\"elementor-widget-container\">\n\t\t\t\t\t\t\t\t\t<table border=\"0\">\n<tbody>\n<tr>\n<td>\n<h6>Recapiti:\u00a0\u00a0Via Po 86046 San Martino in Pensilis (CB)\u00a0 Tel. &#8211; 0875604711<\/h6>\n<h6>Responsabile di plesso:\u00a0\u00a0 &#8212; ; Codice meccanografico CBIC82000C<\/h6>\n<\/td>\n<\/tr>\n<\/tbody>\n<\/table>\t\t\t\t\t\t\t\t<\/div>\n\t\t\t\t<\/div>\n\t\t\t\t\t<\/div>\n\t\t<\/div>\n\t\t\t\t\t<\/div>\n\t\t<\/section>\n\t\t\t\t\t<\/div>\n\t\t<\/div>\n\t\t\t\t\t<\/div>\n\t\t<\/section>\n\t\t\t\t<\/div>\n\t\t","protected":false},"excerpt":{"rendered":"<p>Home Scuola I luoghi Presentazione Organizzazione e contatti La Scuola Secondaria di I Grado organizza ed accresce, anche attraverso l\u2019alfabetizzazione e l\u2019approfondimento nelle tecnologie informatiche, le conoscenze e le abilit\u00e0, anche in relazione alla tradizione culturale e alla evoluzione sociale, culturale e scientifica della realt\u00e0 contemporanea. Clicca sulla sede dell&#8217;IC John Dewey che ti interessa, [&hellip;]<\/p>\n","protected":false},"author":1,"featured_media":12128,"parent":3530,"menu_order":0,"comment_status":"closed","ping_status":"closed","template":"elementor_header_footer","meta":{"_price":"","_stock":"","_tribe_ticket_header":"","_tribe_default_ticket_provider":"","_tribe_ticket_capacity":"0","_ticket_start_date":"","_ticket_end_date":"","_tribe_ticket_show_description":"","_tribe_ticket_show_not_going":false,"_tribe_ticket_use_global_stock":"","_tribe_ticket_global_stock_level":"","_global_stock_mode":"","_global_stock_cap":"","_tribe_rsvp_for_event":"","_tribe_ticket_going_count":"","_tribe_ticket_not_going_count":"","_tribe_tickets_list":"[]","_tribe_ticket_has_attendee_info_fields":false,"footnotes":"","_tec_slr_enabled":"","_tec_slr_layout":""},"class_list":["post-638","page","type-page","status-publish","has-post-thumbnail","hentry"],"yoast_head":"<!-- This site is optimized with the Yoast SEO plugin v27.5 - https:\/\/yoast.com\/product\/yoast-seo-wordpress\/ -->\n<title>Scuola Secondaria di I Grado - San Martino in Pensilis - Istituto Comprensivo<\/title>\n<meta name=\"robots\" content=\"index, follow, max-snippet:-1, max-image-preview:large, max-video-preview:-1\" \/>\n<link rel=\"canonical\" href=\"https:\/\/www.icsanmartinoinpensilis.edu.it\/site\/scuola\/i-luoghi\/scuola-secondaria-di-i-grado\/\" \/>\n<meta property=\"og:locale\" content=\"it_IT\" \/>\n<meta property=\"og:type\" content=\"article\" \/>\n<meta property=\"og:title\" content=\"Scuola Secondaria di I Grado - San Martino in Pensilis - Istituto Comprensivo\" \/>\n<meta property=\"og:description\" content=\"Home Scuola I luoghi Presentazione Organizzazione e contatti La Scuola Secondaria di I Grado organizza ed accresce, anche attraverso l\u2019alfabetizzazione e l\u2019approfondimento nelle tecnologie informatiche, le conoscenze e le abilit\u00e0, anche in relazione alla tradizione culturale e alla evoluzione sociale, culturale e scientifica della realt\u00e0 contemporanea. Clicca sulla sede dell&#8217;IC John Dewey che ti interessa, [&hellip;]\" \/>\n<meta property=\"og:url\" content=\"https:\/\/www.icsanmartinoinpensilis.edu.it\/site\/scuola\/i-luoghi\/scuola-secondaria-di-i-grado\/\" \/>\n<meta property=\"og:site_name\" content=\"San Martino in Pensilis - Istituto Comprensivo\" \/>\n<meta property=\"article:modified_time\" content=\"2025-05-21T10:23:56+00:00\" \/>\n<meta property=\"og:image\" content=\"https:\/\/www.icsanmartinoinpensilis.edu.it\/site\/wp-content\/uploads\/2023\/04\/ata-1.png\" \/>\n\t<meta property=\"og:image:width\" content=\"1390\" \/>\n\t<meta property=\"og:image:height\" content=\"1390\" \/>\n\t<meta property=\"og:image:type\" content=\"image\/png\" \/>\n<meta name=\"twitter:card\" content=\"summary_large_image\" \/>\n<meta name=\"twitter:label1\" content=\"Tempo di lettura stimato\" \/>\n\t<meta name=\"twitter:data1\" content=\"6 minuti\" \/>\n<script type=\"application\/ld+json\" class=\"yoast-schema-graph\">{\"@context\":\"https:\\\/\\\/schema.org\",\"@graph\":[{\"@type\":\"WebPage\",\"@id\":\"https:\\\/\\\/www.icsanmartinoinpensilis.edu.it\\\/site\\\/scuola\\\/i-luoghi\\\/scuola-secondaria-di-i-grado\\\/\",\"url\":\"https:\\\/\\\/www.icsanmartinoinpensilis.edu.it\\\/site\\\/scuola\\\/i-luoghi\\\/scuola-secondaria-di-i-grado\\\/\",\"name\":\"Scuola Secondaria di I Grado - San Martino in Pensilis - Istituto Comprensivo\",\"isPartOf\":{\"@id\":\"https:\\\/\\\/www.icsanmartinoinpensilis.edu.it\\\/site\\\/#website\"},\"primaryImageOfPage\":{\"@id\":\"https:\\\/\\\/www.icsanmartinoinpensilis.edu.it\\\/site\\\/scuola\\\/i-luoghi\\\/scuola-secondaria-di-i-grado\\\/#primaryimage\"},\"image\":{\"@id\":\"https:\\\/\\\/www.icsanmartinoinpensilis.edu.it\\\/site\\\/scuola\\\/i-luoghi\\\/scuola-secondaria-di-i-grado\\\/#primaryimage\"},\"thumbnailUrl\":\"https:\\\/\\\/www.icsanmartinoinpensilis.edu.it\\\/site\\\/wp-content\\\/uploads\\\/2023\\\/04\\\/ata-1.png\",\"datePublished\":\"2021-09-10T10:59:52+00:00\",\"dateModified\":\"2025-05-21T10:23:56+00:00\",\"breadcrumb\":{\"@id\":\"https:\\\/\\\/www.icsanmartinoinpensilis.edu.it\\\/site\\\/scuola\\\/i-luoghi\\\/scuola-secondaria-di-i-grado\\\/#breadcrumb\"},\"inLanguage\":\"it-IT\",\"potentialAction\":[{\"@type\":\"ReadAction\",\"target\":[\"https:\\\/\\\/www.icsanmartinoinpensilis.edu.it\\\/site\\\/scuola\\\/i-luoghi\\\/scuola-secondaria-di-i-grado\\\/\"]}]},{\"@type\":\"ImageObject\",\"inLanguage\":\"it-IT\",\"@id\":\"https:\\\/\\\/www.icsanmartinoinpensilis.edu.it\\\/site\\\/scuola\\\/i-luoghi\\\/scuola-secondaria-di-i-grado\\\/#primaryimage\",\"url\":\"https:\\\/\\\/www.icsanmartinoinpensilis.edu.it\\\/site\\\/wp-content\\\/uploads\\\/2023\\\/04\\\/ata-1.png\",\"contentUrl\":\"https:\\\/\\\/www.icsanmartinoinpensilis.edu.it\\\/site\\\/wp-content\\\/uploads\\\/2023\\\/04\\\/ata-1.png\",\"width\":1390,\"height\":1390},{\"@type\":\"BreadcrumbList\",\"@id\":\"https:\\\/\\\/www.icsanmartinoinpensilis.edu.it\\\/site\\\/scuola\\\/i-luoghi\\\/scuola-secondaria-di-i-grado\\\/#breadcrumb\",\"itemListElement\":[{\"@type\":\"ListItem\",\"position\":1,\"name\":\"Home\",\"item\":\"https:\\\/\\\/www.icsanmartinoinpensilis.edu.it\\\/site\\\/\"},{\"@type\":\"ListItem\",\"position\":2,\"name\":\"Scuola\",\"item\":\"https:\\\/\\\/www.icsanmartinoinpensilis.edu.it\\\/site\\\/scuola\\\/\"},{\"@type\":\"ListItem\",\"position\":3,\"name\":\"I luoghi\",\"item\":\"https:\\\/\\\/www.icsanmartinoinpensilis.edu.it\\\/site\\\/scuola\\\/i-luoghi\\\/\"},{\"@type\":\"ListItem\",\"position\":4,\"name\":\"Scuola Secondaria di I Grado\"}]},{\"@type\":\"WebSite\",\"@id\":\"https:\\\/\\\/www.icsanmartinoinpensilis.edu.it\\\/site\\\/#website\",\"url\":\"https:\\\/\\\/www.icsanmartinoinpensilis.edu.it\\\/site\\\/\",\"name\":\"San Martino in Pensilis - Istituto Comprensivo\",\"description\":\"Istituto Comprensivo San Martino in Pensilis\",\"potentialAction\":[{\"@type\":\"SearchAction\",\"target\":{\"@type\":\"EntryPoint\",\"urlTemplate\":\"https:\\\/\\\/www.icsanmartinoinpensilis.edu.it\\\/site\\\/?s={search_term_string}\"},\"query-input\":{\"@type\":\"PropertyValueSpecification\",\"valueRequired\":true,\"valueName\":\"search_term_string\"}}],\"inLanguage\":\"it-IT\"}]}<\/script>\n<!-- \/ Yoast SEO plugin. -->","yoast_head_json":{"title":"Scuola Secondaria di I Grado - San Martino in Pensilis - Istituto Comprensivo","robots":{"index":"index","follow":"follow","max-snippet":"max-snippet:-1","max-image-preview":"max-image-preview:large","max-video-preview":"max-video-preview:-1"},"canonical":"https:\/\/www.icsanmartinoinpensilis.edu.it\/site\/scuola\/i-luoghi\/scuola-secondaria-di-i-grado\/","og_locale":"it_IT","og_type":"article","og_title":"Scuola Secondaria di I Grado - San Martino in Pensilis - Istituto Comprensivo","og_description":"Home Scuola I luoghi Presentazione Organizzazione e contatti La Scuola Secondaria di I Grado organizza ed accresce, anche attraverso l\u2019alfabetizzazione e l\u2019approfondimento nelle tecnologie informatiche, le conoscenze e le abilit\u00e0, anche in relazione alla tradizione culturale e alla evoluzione sociale, culturale e scientifica della realt\u00e0 contemporanea. Clicca sulla sede dell&#8217;IC John Dewey che ti interessa, [&hellip;]","og_url":"https:\/\/www.icsanmartinoinpensilis.edu.it\/site\/scuola\/i-luoghi\/scuola-secondaria-di-i-grado\/","og_site_name":"San Martino in Pensilis - Istituto Comprensivo","article_modified_time":"2025-05-21T10:23:56+00:00","og_image":[{"width":1390,"height":1390,"url":"https:\/\/www.icsanmartinoinpensilis.edu.it\/site\/wp-content\/uploads\/2023\/04\/ata-1.png","type":"image\/png"}],"twitter_card":"summary_large_image","twitter_misc":{"Tempo di lettura stimato":"6 minuti"},"schema":{"@context":"https:\/\/schema.org","@graph":[{"@type":"WebPage","@id":"https:\/\/www.icsanmartinoinpensilis.edu.it\/site\/scuola\/i-luoghi\/scuola-secondaria-di-i-grado\/","url":"https:\/\/www.icsanmartinoinpensilis.edu.it\/site\/scuola\/i-luoghi\/scuola-secondaria-di-i-grado\/","name":"Scuola Secondaria di I Grado - San Martino in Pensilis - Istituto Comprensivo","isPartOf":{"@id":"https:\/\/www.icsanmartinoinpensilis.edu.it\/site\/#website"},"primaryImageOfPage":{"@id":"https:\/\/www.icsanmartinoinpensilis.edu.it\/site\/scuola\/i-luoghi\/scuola-secondaria-di-i-grado\/#primaryimage"},"image":{"@id":"https:\/\/www.icsanmartinoinpensilis.edu.it\/site\/scuola\/i-luoghi\/scuola-secondaria-di-i-grado\/#primaryimage"},"thumbnailUrl":"https:\/\/www.icsanmartinoinpensilis.edu.it\/site\/wp-content\/uploads\/2023\/04\/ata-1.png","datePublished":"2021-09-10T10:59:52+00:00","dateModified":"2025-05-21T10:23:56+00:00","breadcrumb":{"@id":"https:\/\/www.icsanmartinoinpensilis.edu.it\/site\/scuola\/i-luoghi\/scuola-secondaria-di-i-grado\/#breadcrumb"},"inLanguage":"it-IT","potentialAction":[{"@type":"ReadAction","target":["https:\/\/www.icsanmartinoinpensilis.edu.it\/site\/scuola\/i-luoghi\/scuola-secondaria-di-i-grado\/"]}]},{"@type":"ImageObject","inLanguage":"it-IT","@id":"https:\/\/www.icsanmartinoinpensilis.edu.it\/site\/scuola\/i-luoghi\/scuola-secondaria-di-i-grado\/#primaryimage","url":"https:\/\/www.icsanmartinoinpensilis.edu.it\/site\/wp-content\/uploads\/2023\/04\/ata-1.png","contentUrl":"https:\/\/www.icsanmartinoinpensilis.edu.it\/site\/wp-content\/uploads\/2023\/04\/ata-1.png","width":1390,"height":1390},{"@type":"BreadcrumbList","@id":"https:\/\/www.icsanmartinoinpensilis.edu.it\/site\/scuola\/i-luoghi\/scuola-secondaria-di-i-grado\/#breadcrumb","itemListElement":[{"@type":"ListItem","position":1,"name":"Home","item":"https:\/\/www.icsanmartinoinpensilis.edu.it\/site\/"},{"@type":"ListItem","position":2,"name":"Scuola","item":"https:\/\/www.icsanmartinoinpensilis.edu.it\/site\/scuola\/"},{"@type":"ListItem","position":3,"name":"I luoghi","item":"https:\/\/www.icsanmartinoinpensilis.edu.it\/site\/scuola\/i-luoghi\/"},{"@type":"ListItem","position":4,"name":"Scuola Secondaria di I Grado"}]},{"@type":"WebSite","@id":"https:\/\/www.icsanmartinoinpensilis.edu.it\/site\/#website","url":"https:\/\/www.icsanmartinoinpensilis.edu.it\/site\/","name":"San Martino in Pensilis - Istituto Comprensivo","description":"Istituto Comprensivo San Martino in Pensilis","potentialAction":[{"@type":"SearchAction","target":{"@type":"EntryPoint","urlTemplate":"https:\/\/www.icsanmartinoinpensilis.edu.it\/site\/?s={search_term_string}"},"query-input":{"@type":"PropertyValueSpecification","valueRequired":true,"valueName":"search_term_string"}}],"inLanguage":"it-IT"}]}},"ticketed":false,"_links":{"self":[{"href":"https:\/\/www.icsanmartinoinpensilis.edu.it\/site\/wp-json\/wp\/v2\/pages\/638","targetHints":{"allow":["GET"]}}],"collection":[{"href":"https:\/\/www.icsanmartinoinpensilis.edu.it\/site\/wp-json\/wp\/v2\/pages"}],"about":[{"href":"https:\/\/www.icsanmartinoinpensilis.edu.it\/site\/wp-json\/wp\/v2\/types\/page"}],"author":[{"embeddable":true,"href":"https:\/\/www.icsanmartinoinpensilis.edu.it\/site\/wp-json\/wp\/v2\/users\/1"}],"replies":[{"embeddable":true,"href":"https:\/\/www.icsanmartinoinpensilis.edu.it\/site\/wp-json\/wp\/v2\/comments?post=638"}],"version-history":[{"count":0,"href":"https:\/\/www.icsanmartinoinpensilis.edu.it\/site\/wp-json\/wp\/v2\/pages\/638\/revisions"}],"up":[{"embeddable":true,"href":"https:\/\/www.icsanmartinoinpensilis.edu.it\/site\/wp-json\/wp\/v2\/pages\/3530"}],"wp:featuredmedia":[{"embeddable":true,"href":"https:\/\/www.icsanmartinoinpensilis.edu.it\/site\/wp-json\/wp\/v2\/media\/12128"}],"wp:attachment":[{"href":"https:\/\/www.icsanmartinoinpensilis.edu.it\/site\/wp-json\/wp\/v2\/media?parent=638"}],"curies":[{"name":"wp","href":"https:\/\/api.w.org\/{rel}","templated":true}]}}